{"id":7814,"date":"2024-07-18T18:08:15","date_gmt":"2024-07-18T16:08:15","guid":{"rendered":"https:\/\/iicmarsiglia.esteri.it\/gli_eventi\/archivio-eventi\/"},"modified":"2024-10-28T14:07:16","modified_gmt":"2024-10-28T13:07:16","slug":"archivio-eventi","status":"publish","type":"page","link":"https:\/\/iicmarsiglia.esteri.it\/fr\/gli_eventi\/archivio-eventi\/","title":{"rendered":"Archives des \u00e9v\u00e9nements"},"content":{"rendered":"        <div class=\"row\">\n\t\t\t<!-- Ricerca sedi post -->\n\t\t\t<div class=\"col-12 mt-4\">\n\t\t\t  <div class=\"callout callout-highlight note ricerca-esteri p-4\">\n                    <div class=\"callout-title\">\n                        <svg class=\"icon\">\n                            <use xlink:href=\"https:\/\/iicmarsiglia.esteri.it\/wp-content\/themes\/sedi-tema\/assets\/svg\/sprites.svg#it-search\"><\/use>\n                        <\/svg>Entrez vos param\u00e8tres de recherche                    <\/div>\n                    <form id=\"searchFormPost\" name=\"form-search-post\" class=\"form-row align-items-center\" action=\"https:\/\/iicmarsiglia.esteri.it\/fr\/wp-json\/wp\/v2\/pages\/7814\/\" method=\"GET\"> \n                        <!-- <div class=\"form-group pt-5\"> -->\n                            <!-- <input type=\"hidden\" id=\"lang\" name=\"lang\" value=\"\"> --> <!-- <\/div> -->\n\n                        <div class=\"it-datepicker-wrapper\">\n                            <div class=\"row\">\n                                <div class=\"form-group col-md-6\">\n                                    <label class=\"active\" for=\"date-init\">Du<\/label>\n                                    <input class=\"form-control\" name=\"date-init\" id=\"date-init\" type=\"date\" placeholder=\"gg\/mm\/aaaa\" value=\"\"lang=\"en-EN\">  \n                                <\/div>\n                                <div class=\"form-group col-md-6\">\n                                    <label class=\"active\" for=\"date-end\">Au<\/label>\n                                    <input class=\"form-control\" name=\"date-end\" id=\"date-end\" type=\"date\" placeholder=\"gg\/mm\/aaaa\" value=\"\">\n                                <\/div>\n                            <\/div>\n                        <\/div>\n                        <div class=\"form-group col-md-12 mt-3\">\n                            <label for=\"searchText\">Champ de recherche gratuit<\/label>\n                            <input type=\"text\" name=\"searchText\" class=\"form-control\" id=\"searchText\" value=\"\">\n                        <\/div>\n                        <div class=\"form-group col-md-4 offset-md-8 text-end\">\n                            <a href=\"https:\/\/iicmarsiglia.esteri.it\/fr\/gli_eventi\/archivio-eventi\/\" title=\"Form reset\" id=\"resetImput\" class=\"btn btn-outline-primary btn-xs\">Reset<\/a>\n                            <button type=\"submit\" class=\"btn btn-primary btn-xs\">Montrer les r\u00e9sultats<\/button>\n                        <\/div>\n                    <\/form>\n\t\t\t\t<\/div>\n\t\t\t<\/div>\n\t\t<\/div>\n                    \n            <div class=\"row\">\n                            <div class=\"col-12 mt-3\">\n                <!--start card-->\n                <div class=\"card-wrapper card-space\">\n                    <div class=\"card card-bg card-big border-bottom-card\">\n                        <div class=\"card-body row\">\n                                                    <div class=\"col-sm-3\">\n                                <div class=\"img-responsive\">\n                                    <figure class=\"img-wrapper\">\n                                        <a href=\"https:\/\/iicmarsiglia.esteri.it\/fr\/gli_eventi\/calendario\/la-via-appia-regina-viarum-en-basilicate-perspectives-et-nouvelles-decouvertes-archeologiques-par-mario-saluzzi\/\" title=\"Lire l'article: LA VIA APPIA REGINA VIARUM EN BASILICATE : PERSPECTIVES ET NOUVELLES D\u00c9COUVERTES ARCH\u00c9OLOGIQUES par MARIO SALUZZI\">\n                                                                                            <img loading=\"lazy\" decoding=\"async\" width=\"300\" height=\"300\" src=\"https:\/\/iicmarsiglia.esteri.it\/wp-content\/uploads\/2026\/03\/7.IMG-20260226-WA0016-1-300x300.jpg\" srcset=\"https:\/\/iicmarsiglia.esteri.it\/wp-content\/uploads\/2026\/03\/7.IMG-20260226-WA0016-1.jpg 1707w, https:\/\/iicmarsiglia.esteri.it\/wp-content\/uploads\/2026\/03\/7.IMG-20260226-WA0016-1-300x300.jpg 300w, https:\/\/iicmarsiglia.esteri.it\/wp-content\/uploads\/2026\/03\/7.IMG-20260226-WA0016-1-1024x1024.jpg 1024w, https:\/\/iicmarsiglia.esteri.it\/wp-content\/uploads\/2026\/03\/7.IMG-20260226-WA0016-1-150x150.jpg 150w, https:\/\/iicmarsiglia.esteri.it\/wp-content\/uploads\/2026\/03\/7.IMG-20260226-WA0016-1-768x768.jpg 768w\" sizes=\"auto, (max-width: 1707px) 100vw, 1707px\"  title=\"7.IMG-20260226-WA0016\" alt=\"\" class=\"img-fluid\">\n                                                                                    <\/a>\n                                    <\/figure>\n                                <\/div>\n                            <\/div>\n                            <div class=\"col-sm-9\">\n                                                            <div class=\"category-top\">\n                                    <span class=\"fw-bold text-danger\">Ev\u00e9nement termin\u00e9<\/span>                                                                        <span class=\"data\">\n                                        <svg class=\"icon icon-secondary\">\n                                            <use xlink:href=\"https:\/\/iicmarsiglia.esteri.it\/wp-content\/themes\/sedi-tema\/assets\/svg\/sprites.svg#it-calendar\"><\/use>\n                                        <\/svg> mer Avr 15 2026<svg class=\"icon icon-xs icon-secondary me-1 ms-1\"><use href=\"https:\/\/iicmarsiglia.esteri.it\/wp-content\/themes\/sedi-tema\/assets\/svg\/sprites.svg#it-arrow-right\"><\/use><\/svg>mer Avr 15 2026                                    <\/span>\n                                                                    <\/div>\n                            <h5 class=\"card-title big-heading text-uppercase\"><a class=\"text-body text-decoration-none\" href=\"https:\/\/iicmarsiglia.esteri.it\/fr\/gli_eventi\/calendario\/la-via-appia-regina-viarum-en-basilicate-perspectives-et-nouvelles-decouvertes-archeologiques-par-mario-saluzzi\/\" title=\"LA VIA APPIA REGINA VIARUM EN BASILICATE : PERSPECTIVES ET NOUVELLES D\u00c9COUVERTES ARCH\u00c9OLOGIQUES par MARIO SALUZZI\">LA VIA APPIA REGINA VIARUM EN BASILICATE : PERSPECTIVES ET NOUVELLES D\u00c9COUVERTES ARCH\u00c9OLOGIQUES par MARIO SALUZZI<\/a><\/h5>\n                            <p class=\"card-text\">Mercredi 15 avril 18h30 \u00e0 l&rsquo;Istituto Italiano di Cultura di Marsiglia\u00a0 CONF\u00c9RENCE : LA VIA APPIA REGINA VIARUM EN BASILICATE : PERSPECTIVES ET NOUVELLES D\u00c9COUVERTES ARCH\u00c9OLOGIQUES par MARIO SALUZZI \u00a0La conf\u00e9rence est pr\u00e9sent\u00e9e en collaboration avec la Chambre de Commerce Italienne pour la France de Marseille\u00a0et le Consulat G\u00e9n\u00e9ral d\u2019Italie de Marseille. Pr\u00e9sentation des nouvelles [&hellip;]<\/p>\n                                <a title=\"LA VIA APPIA REGINA VIARUM EN BASILICATE : PERSPECTIVES ET NOUVELLES D\u00c9COUVERTES ARCH\u00c9OLOGIQUES par MARIO SALUZZI\" class=\"read-more\" href=\"https:\/\/iicmarsiglia.esteri.it\/fr\/gli_eventi\/calendario\/la-via-appia-regina-viarum-en-basilicate-perspectives-et-nouvelles-decouvertes-archeologiques-par-mario-saluzzi\/\">\n                                    <span class=\"text\">Lire la suite<\/span>\n                                    <svg class=\"icon\">\n                                    <use xlink:href=\"https:\/\/iicmarsiglia.esteri.it\/wp-content\/themes\/sedi-tema\/assets\/svg\/sprites.svg#it-arrow-right\"><\/use>\n                                    <\/svg>\n                                <\/a>\n                                                        <\/div>\n                                                    <\/div>\n                    <\/div>\n                <\/div>\n                <!--end card-->\n                <\/div><!-- col-12 .mt-3-->\n                            <div class=\"col-12 mt-3\">\n                <!--start card-->\n                <div class=\"card-wrapper card-space\">\n                    <div class=\"card card-bg card-big border-bottom-card\">\n                        <div class=\"card-body row\">\n                                                    <div class=\"col-sm-3\">\n                                <div class=\"img-responsive\">\n                                    <figure class=\"img-wrapper\">\n                                        <a href=\"https:\/\/iicmarsiglia.esteri.it\/fr\/gli_eventi\/calendario\/dimanche-12-avril-effets-reels-festival-litteraire-des-histoires-vraies\/\" title=\"Lire l'article: DIMANCHE 12 AVRIL &#8211; EFFETS R\u00c9ELS  FESTIVAL LITT\u00c9RAIRE DES HISTOIRES VRAIES\">\n                                                                                            <img loading=\"lazy\" decoding=\"async\" width=\"300\" height=\"144\" src=\"https:\/\/iicmarsiglia.esteri.it\/wp-content\/uploads\/2026\/03\/12-avril-300x144.jpg\" srcset=\"https:\/\/iicmarsiglia.esteri.it\/wp-content\/uploads\/2026\/03\/12-avril.jpg 875w, https:\/\/iicmarsiglia.esteri.it\/wp-content\/uploads\/2026\/03\/12-avril-300x144.jpg 300w, https:\/\/iicmarsiglia.esteri.it\/wp-content\/uploads\/2026\/03\/12-avril-768x368.jpg 768w\" sizes=\"auto, (max-width: 875px) 100vw, 875px\"  title=\"12 avril\" alt=\"\" class=\"img-fluid\">\n                                                                                    <\/a>\n                                    <\/figure>\n                                <\/div>\n                            <\/div>\n                            <div class=\"col-sm-9\">\n                                                            <div class=\"category-top\">\n                                    <span class=\"fw-bold text-danger\">Ev\u00e9nement termin\u00e9<\/span>                                                                        <span class=\"data\">\n                                        <svg class=\"icon icon-secondary\">\n                                            <use xlink:href=\"https:\/\/iicmarsiglia.esteri.it\/wp-content\/themes\/sedi-tema\/assets\/svg\/sprites.svg#it-calendar\"><\/use>\n                                        <\/svg> dim Avr 12 2026<svg class=\"icon icon-xs icon-secondary me-1 ms-1\"><use href=\"https:\/\/iicmarsiglia.esteri.it\/wp-content\/themes\/sedi-tema\/assets\/svg\/sprites.svg#it-arrow-right\"><\/use><\/svg>dim Avr 12 2026                                    <\/span>\n                                                                    <\/div>\n                            <h5 class=\"card-title big-heading text-uppercase\"><a class=\"text-body text-decoration-none\" href=\"https:\/\/iicmarsiglia.esteri.it\/fr\/gli_eventi\/calendario\/dimanche-12-avril-effets-reels-festival-litteraire-des-histoires-vraies\/\" title=\"DIMANCHE 12 AVRIL &#8211; EFFETS R\u00c9ELS  FESTIVAL LITT\u00c9RAIRE DES HISTOIRES VRAIES\">DIMANCHE 12 AVRIL &#8211; EFFETS R\u00c9ELS  FESTIVAL LITT\u00c9RAIRE DES HISTOIRES VRAIES<\/a><\/h5>\n                            <p class=\"card-text\">Dimanche 12 avril, H\u00f4tel d&rsquo;Olivary (Aix-en-Provence) 10:00 AM &#8211; 11:00 AM &#8211;\u00a0 Raconter les vies Helena Janeczek explore les plis de l\u2019existence en redonnant vie \u00e0 des figures marginales ou oubli\u00e9es. Filippo Tuena reconstruit des figures historiques en m\u00ealant documents, m\u00e9moire et r\u00e9flexion personnelle. Ensemble, Janeczek et Tuena vont explorer la mani\u00e8re dont la litt\u00e9rature [&hellip;]<\/p>\n                                <a title=\"DIMANCHE 12 AVRIL &#8211; EFFETS R\u00c9ELS  FESTIVAL LITT\u00c9RAIRE DES HISTOIRES VRAIES\" class=\"read-more\" href=\"https:\/\/iicmarsiglia.esteri.it\/fr\/gli_eventi\/calendario\/dimanche-12-avril-effets-reels-festival-litteraire-des-histoires-vraies\/\">\n                                    <span class=\"text\">Lire la suite<\/span>\n                                    <svg class=\"icon\">\n                                    <use xlink:href=\"https:\/\/iicmarsiglia.esteri.it\/wp-content\/themes\/sedi-tema\/assets\/svg\/sprites.svg#it-arrow-right\"><\/use>\n                                    <\/svg>\n                                <\/a>\n                                                        <\/div>\n                                                    <\/div>\n                    <\/div>\n                <\/div>\n                <!--end card-->\n                <\/div><!-- col-12 .mt-3-->\n                            <div class=\"col-12 mt-3\">\n                <!--start card-->\n                <div class=\"card-wrapper card-space\">\n                    <div class=\"card card-bg card-big border-bottom-card\">\n                        <div class=\"card-body row\">\n                                                    <div class=\"col-sm-3\">\n                                <div class=\"img-responsive\">\n                                    <figure class=\"img-wrapper\">\n                                        <a href=\"https:\/\/iicmarsiglia.esteri.it\/fr\/gli_eventi\/calendario\/effets-reels-festival-litteraire-des-histoires-vraies\/\" title=\"Lire l'article: VENDREDI 10 AVRIL IIC &#8211; FESTIVAL LITT\u00c9RAIRE DES HISTOIRES VRAIES &#8211; EFFETS R\u00c9ELS\">\n                                                                                            <img loading=\"lazy\" decoding=\"async\" width=\"300\" height=\"152\" src=\"https:\/\/iicmarsiglia.esteri.it\/wp-content\/uploads\/2026\/03\/1012AVRIL-300x152.jpg\" srcset=\"https:\/\/iicmarsiglia.esteri.it\/wp-content\/uploads\/2026\/03\/1012AVRIL.jpg 549w, https:\/\/iicmarsiglia.esteri.it\/wp-content\/uploads\/2026\/03\/1012AVRIL-300x152.jpg 300w\" sizes=\"auto, (max-width: 549px) 100vw, 549px\"  title=\"1012AVRIL\" alt=\"\" class=\"img-fluid\">\n                                                                                    <\/a>\n                                    <\/figure>\n                                <\/div>\n                            <\/div>\n                            <div class=\"col-sm-9\">\n                                                            <div class=\"category-top\">\n                                    <span class=\"fw-bold text-danger\">Ev\u00e9nement termin\u00e9<\/span>                                                                        <span class=\"data\">\n                                        <svg class=\"icon icon-secondary\">\n                                            <use xlink:href=\"https:\/\/iicmarsiglia.esteri.it\/wp-content\/themes\/sedi-tema\/assets\/svg\/sprites.svg#it-calendar\"><\/use>\n                                        <\/svg> ven Avr 10 2026<svg class=\"icon icon-xs icon-secondary me-1 ms-1\"><use href=\"https:\/\/iicmarsiglia.esteri.it\/wp-content\/themes\/sedi-tema\/assets\/svg\/sprites.svg#it-arrow-right\"><\/use><\/svg>ven Avr 10 2026                                    <\/span>\n                                                                    <\/div>\n                            <h5 class=\"card-title big-heading text-uppercase\"><a class=\"text-body text-decoration-none\" href=\"https:\/\/iicmarsiglia.esteri.it\/fr\/gli_eventi\/calendario\/effets-reels-festival-litteraire-des-histoires-vraies\/\" title=\"VENDREDI 10 AVRIL IIC &#8211; FESTIVAL LITT\u00c9RAIRE DES HISTOIRES VRAIES &#8211; EFFETS R\u00c9ELS\">VENDREDI 10 AVRIL IIC &#8211; FESTIVAL LITT\u00c9RAIRE DES HISTOIRES VRAIES &#8211; EFFETS R\u00c9ELS<\/a><\/h5>\n                            <p class=\"card-text\">Programme du vendredi 10 avril \u00e0 partir de 16h &#8211; IIC MARSEILLE FESTIVAL LITT\u00c9RAIRE DES HISTOIRES VRAIES &#8211; EFFETS R\u00c9ELS Du 10 au 12 avril 2026, entre Marseille et Aix-en-Provence, se tiendra la manifestation Effets R\u00e9els, premier festival international en France enti\u00e8rement consacr\u00e9 aux litt\u00e9ratures du r\u00e9el, inscrit dans le programme de la Biennale d\u2019Aix [&hellip;]<\/p>\n                                <a title=\"VENDREDI 10 AVRIL IIC &#8211; FESTIVAL LITT\u00c9RAIRE DES HISTOIRES VRAIES &#8211; EFFETS R\u00c9ELS\" class=\"read-more\" href=\"https:\/\/iicmarsiglia.esteri.it\/fr\/gli_eventi\/calendario\/effets-reels-festival-litteraire-des-histoires-vraies\/\">\n                                    <span class=\"text\">Lire la suite<\/span>\n                                    <svg class=\"icon\">\n                                    <use xlink:href=\"https:\/\/iicmarsiglia.esteri.it\/wp-content\/themes\/sedi-tema\/assets\/svg\/sprites.svg#it-arrow-right\"><\/use>\n                                    <\/svg>\n                                <\/a>\n                                                        <\/div>\n                                                    <\/div>\n                    <\/div>\n                <\/div>\n                <!--end card-->\n                <\/div><!-- col-12 .mt-3-->\n                            <div class=\"col-12 mt-3\">\n                <!--start card-->\n                <div class=\"card-wrapper card-space\">\n                    <div class=\"card card-bg card-big border-bottom-card\">\n                        <div class=\"card-body row\">\n                                                    <div class=\"col-sm-3\">\n                                <div class=\"img-responsive\">\n                                    <figure class=\"img-wrapper\">\n                                        <a href=\"https:\/\/iicmarsiglia.esteri.it\/fr\/gli_eventi\/calendario\/samedi-11-avril-effets-reels-festival-litteraire-des-histoires-vraies\/\" title=\"Lire l'article: SAMEDI 11 AVRIL &#8211; EFFETS R\u00c9ELS  FESTIVAL LITT\u00c9RAIRE DES HISTOIRES VRAIES\">\n                                                                                            <img loading=\"lazy\" decoding=\"async\" width=\"300\" height=\"152\" src=\"https:\/\/iicmarsiglia.esteri.it\/wp-content\/uploads\/2026\/03\/1012AVRIL-300x152.jpg\" srcset=\"https:\/\/iicmarsiglia.esteri.it\/wp-content\/uploads\/2026\/03\/1012AVRIL.jpg 549w, https:\/\/iicmarsiglia.esteri.it\/wp-content\/uploads\/2026\/03\/1012AVRIL-300x152.jpg 300w\" sizes=\"auto, (max-width: 549px) 100vw, 549px\"  title=\"1012AVRIL\" alt=\"\" class=\"img-fluid\">\n                                                                                    <\/a>\n                                    <\/figure>\n                                <\/div>\n                            <\/div>\n                            <div class=\"col-sm-9\">\n                                                            <div class=\"category-top\">\n                                    <span class=\"fw-bold text-danger\">Ev\u00e9nement termin\u00e9<\/span>                                                                        <span class=\"data\">\n                                        <svg class=\"icon icon-secondary\">\n                                            <use xlink:href=\"https:\/\/iicmarsiglia.esteri.it\/wp-content\/themes\/sedi-tema\/assets\/svg\/sprites.svg#it-calendar\"><\/use>\n                                        <\/svg> ven Avr 10 2026<svg class=\"icon icon-xs icon-secondary me-1 ms-1\"><use href=\"https:\/\/iicmarsiglia.esteri.it\/wp-content\/themes\/sedi-tema\/assets\/svg\/sprites.svg#it-arrow-right\"><\/use><\/svg>dim Avr 12 2026                                    <\/span>\n                                                                    <\/div>\n                            <h5 class=\"card-title big-heading text-uppercase\"><a class=\"text-body text-decoration-none\" href=\"https:\/\/iicmarsiglia.esteri.it\/fr\/gli_eventi\/calendario\/samedi-11-avril-effets-reels-festival-litteraire-des-histoires-vraies\/\" title=\"SAMEDI 11 AVRIL &#8211; EFFETS R\u00c9ELS  FESTIVAL LITT\u00c9RAIRE DES HISTOIRES VRAIES\">SAMEDI 11 AVRIL &#8211; EFFETS R\u00c9ELS  FESTIVAL LITT\u00c9RAIRE DES HISTOIRES VRAIES<\/a><\/h5>\n                            <p class=\"card-text\">Du 10 au 12 avril 2026, entre Marseille et Aix-en-Provence, se tiendra la manifestation Effets R\u00e9els, premier festival international en France enti\u00e8rement consacr\u00e9 aux litt\u00e9ratures du r\u00e9el, inscrit dans le programme de la Biennale d\u2019Aix 2026. Entr\u00e9e libre Samedi 11 avril 2026, Hotel d&rsquo;Olivary (Aix en Provence) de 10h \u00e0 18h De 10h \u00e0 12h [&hellip;]<\/p>\n                                <a title=\"SAMEDI 11 AVRIL &#8211; EFFETS R\u00c9ELS  FESTIVAL LITT\u00c9RAIRE DES HISTOIRES VRAIES\" class=\"read-more\" href=\"https:\/\/iicmarsiglia.esteri.it\/fr\/gli_eventi\/calendario\/samedi-11-avril-effets-reels-festival-litteraire-des-histoires-vraies\/\">\n                                    <span class=\"text\">Lire la suite<\/span>\n                                    <svg class=\"icon\">\n                                    <use xlink:href=\"https:\/\/iicmarsiglia.esteri.it\/wp-content\/themes\/sedi-tema\/assets\/svg\/sprites.svg#it-arrow-right\"><\/use>\n                                    <\/svg>\n                                <\/a>\n                                                        <\/div>\n                                                    <\/div>\n                    <\/div>\n                <\/div>\n                <!--end card-->\n                <\/div><!-- col-12 .mt-3-->\n                            <div class=\"col-12 mt-3\">\n                <!--start card-->\n                <div class=\"card-wrapper card-space\">\n                    <div class=\"card card-bg card-big border-bottom-card\">\n                        <div class=\"card-body row\">\n                                                    <div class=\"col-sm-3\">\n                                <div class=\"img-responsive\">\n                                    <figure class=\"img-wrapper\">\n                                        <a href=\"https:\/\/iicmarsiglia.esteri.it\/fr\/gli_eventi\/calendario\/music-cinema-marseille-festival-international\/\" title=\"Lire l'article: MUSIC &#038; CINEMA MARSEILLE &#8211; FESTIVAL INTERNATIONAL\">\n                                                                                            <img loading=\"lazy\" decoding=\"async\" width=\"200\" height=\"300\" src=\"https:\/\/iicmarsiglia.esteri.it\/wp-content\/uploads\/2026\/03\/Affiche_MCM_2026-3e0b687b-200x300.webp\" srcset=\"https:\/\/iicmarsiglia.esteri.it\/wp-content\/uploads\/2026\/03\/Affiche_MCM_2026-3e0b687b-scaled.webp 1707w, https:\/\/iicmarsiglia.esteri.it\/wp-content\/uploads\/2026\/03\/Affiche_MCM_2026-3e0b687b-200x300.webp 200w, https:\/\/iicmarsiglia.esteri.it\/wp-content\/uploads\/2026\/03\/Affiche_MCM_2026-3e0b687b-683x1024.webp 683w, https:\/\/iicmarsiglia.esteri.it\/wp-content\/uploads\/2026\/03\/Affiche_MCM_2026-3e0b687b-768x1152.webp 768w\" sizes=\"auto, (max-width: 1707px) 100vw, 1707px\"  title=\"Affiche_MCM_2026-3e0b687b\" alt=\"\" class=\"img-fluid\">\n                                                                                    <\/a>\n                                    <\/figure>\n                                <\/div>\n                            <\/div>\n                            <div class=\"col-sm-9\">\n                                                            <div class=\"category-top\">\n                                    <span class=\"fw-bold text-danger\">Ev\u00e9nement termin\u00e9<\/span>                                                                        <span class=\"data\">\n                                        <svg class=\"icon icon-secondary\">\n                                            <use xlink:href=\"https:\/\/iicmarsiglia.esteri.it\/wp-content\/themes\/sedi-tema\/assets\/svg\/sprites.svg#it-calendar\"><\/use>\n                                        <\/svg> lun Mar 30 2026<svg class=\"icon icon-xs icon-secondary me-1 ms-1\"><use href=\"https:\/\/iicmarsiglia.esteri.it\/wp-content\/themes\/sedi-tema\/assets\/svg\/sprites.svg#it-arrow-right\"><\/use><\/svg>sam Avr 04 2026                                    <\/span>\n                                                                    <\/div>\n                            <h5 class=\"card-title big-heading text-uppercase\"><a class=\"text-body text-decoration-none\" href=\"https:\/\/iicmarsiglia.esteri.it\/fr\/gli_eventi\/calendario\/music-cinema-marseille-festival-international\/\" title=\"MUSIC &#038; CINEMA MARSEILLE &#8211; FESTIVAL INTERNATIONAL\">MUSIC &#038; CINEMA MARSEILLE &#8211; FESTIVAL INTERNATIONAL<\/a><\/h5>\n                            <p class=\"card-text\">Du 30 mars au 4 avril CIN\u00c9MA ARTPLEXE CANEBI\u00c8RE MARSEILLE 27e \u00c9DITION DU FESTIVAL INTERNATIONAL MUSIC &amp; CINEMA MARSEILLE Cibl\u00e9e sur la jeune cr\u00e9ation cin\u00e9matographique et la cr\u00e9ation musicale pour l\u2019image, la politique artistique du Festival international Music &amp; Cinema Marseille (MCM) est aujourd\u2019hui unique en Europe. Cr\u00e9\u00e9e en 1999, la manifestation est devenue un [&hellip;]<\/p>\n                                <a title=\"MUSIC &#038; CINEMA MARSEILLE &#8211; FESTIVAL INTERNATIONAL\" class=\"read-more\" href=\"https:\/\/iicmarsiglia.esteri.it\/fr\/gli_eventi\/calendario\/music-cinema-marseille-festival-international\/\">\n                                    <span class=\"text\">Lire la suite<\/span>\n                                    <svg class=\"icon\">\n                                    <use xlink:href=\"https:\/\/iicmarsiglia.esteri.it\/wp-content\/themes\/sedi-tema\/assets\/svg\/sprites.svg#it-arrow-right\"><\/use>\n                                    <\/svg>\n                                <\/a>\n                                                        <\/div>\n                                                    <\/div>\n                    <\/div>\n                <\/div>\n                <!--end card-->\n                <\/div><!-- col-12 .mt-3-->\n                            <div class=\"col-12 mt-3\">\n                <!--start card-->\n                <div class=\"card-wrapper card-space\">\n                    <div class=\"card card-bg card-big border-bottom-card\">\n                        <div class=\"card-body row\">\n                                                    <div class=\"col-sm-3\">\n                                <div class=\"img-responsive\">\n                                    <figure class=\"img-wrapper\">\n                                        <a href=\"https:\/\/iicmarsiglia.esteri.it\/fr\/gli_eventi\/calendario\/concert-parigi-o-cara-hautbois-et-piano-gianfranco-bortolato-giovanni-dal-missier\/\" title=\"Lire l'article: CONCERT \u201cPARIGI O CARA\u201d HAUTBOIS ET PIANO &#8211; GIANFRANCO BORTOLATO &#038; GIOVANNI DAL MISSIER\">\n                                                                                            <img loading=\"lazy\" decoding=\"async\" width=\"300\" height=\"200\" src=\"https:\/\/iicmarsiglia.esteri.it\/wp-content\/uploads\/2026\/01\/gianfranco-Bortolato-300x200.jpg\" srcset=\"https:\/\/iicmarsiglia.esteri.it\/wp-content\/uploads\/2026\/01\/gianfranco-Bortolato.jpg 640w, https:\/\/iicmarsiglia.esteri.it\/wp-content\/uploads\/2026\/01\/gianfranco-Bortolato-300x200.jpg 300w\" sizes=\"auto, (max-width: 640px) 100vw, 640px\"  title=\"gianfranco Bortolato\" alt=\"\" class=\"img-fluid\">\n                                                                                    <\/a>\n                                    <\/figure>\n                                <\/div>\n                            <\/div>\n                            <div class=\"col-sm-9\">\n                                                            <div class=\"category-top\">\n                                    <span class=\"fw-bold text-danger\">Ev\u00e9nement termin\u00e9<\/span>                                                                        <span class=\"data\">\n                                        <svg class=\"icon icon-secondary\">\n                                            <use xlink:href=\"https:\/\/iicmarsiglia.esteri.it\/wp-content\/themes\/sedi-tema\/assets\/svg\/sprites.svg#it-calendar\"><\/use>\n                                        <\/svg> mer Mar 18 2026<svg class=\"icon icon-xs icon-secondary me-1 ms-1\"><use href=\"https:\/\/iicmarsiglia.esteri.it\/wp-content\/themes\/sedi-tema\/assets\/svg\/sprites.svg#it-arrow-right\"><\/use><\/svg>mer Mar 18 2026                                    <\/span>\n                                                                    <\/div>\n                            <h5 class=\"card-title big-heading text-uppercase\"><a class=\"text-body text-decoration-none\" href=\"https:\/\/iicmarsiglia.esteri.it\/fr\/gli_eventi\/calendario\/concert-parigi-o-cara-hautbois-et-piano-gianfranco-bortolato-giovanni-dal-missier\/\" title=\"CONCERT \u201cPARIGI O CARA\u201d HAUTBOIS ET PIANO &#8211; GIANFRANCO BORTOLATO &#038; GIOVANNI DAL MISSIER\">CONCERT \u201cPARIGI O CARA\u201d HAUTBOIS ET PIANO &#8211; GIANFRANCO BORTOLATO &#038; GIOVANNI DAL MISSIER<\/a><\/h5>\n                            <p class=\"card-text\">Mercredi 18 MARS \u00e0 18h30 &#8211; IIC MARSEILLE CONCERT \u201cPARIGI O CARA\u201d HAUTBOIS ET PIANO DUO GIANFRANCO BORTOLATO, HAUTBOIS &amp; GIOVANNI DAL MISSIER, PIANO Transcriptions pour hautbois et piano, r\u00e9alis\u00e9es au XIX\u1d49 si\u00e8cle, d\u2019\u0153uvres de Giuseppe Verdi. Donizetti (1797\u20131848) \u2014 Sonate pour hautbois et piano en fa majeur \u2022 Andante \u2013 Allegro Gariboldi (1833\u20131905) \u2014 [&hellip;]<\/p>\n                                <a title=\"CONCERT \u201cPARIGI O CARA\u201d HAUTBOIS ET PIANO &#8211; GIANFRANCO BORTOLATO &#038; GIOVANNI DAL MISSIER\" class=\"read-more\" href=\"https:\/\/iicmarsiglia.esteri.it\/fr\/gli_eventi\/calendario\/concert-parigi-o-cara-hautbois-et-piano-gianfranco-bortolato-giovanni-dal-missier\/\">\n                                    <span class=\"text\">Lire la suite<\/span>\n                                    <svg class=\"icon\">\n                                    <use xlink:href=\"https:\/\/iicmarsiglia.esteri.it\/wp-content\/themes\/sedi-tema\/assets\/svg\/sprites.svg#it-arrow-right\"><\/use>\n                                    <\/svg>\n                                <\/a>\n                                                        <\/div>\n                                                    <\/div>\n                    <\/div>\n                <\/div>\n                <!--end card-->\n                <\/div><!-- col-12 .mt-3-->\n                            <div class=\"col-12 mt-3\">\n                <!--start card-->\n                <div class=\"card-wrapper card-space\">\n                    <div class=\"card card-bg card-big border-bottom-card\">\n                        <div class=\"card-body row\">\n                                                    <div class=\"col-sm-3\">\n                                <div class=\"img-responsive\">\n                                    <figure class=\"img-wrapper\">\n                                        <a href=\"https:\/\/iicmarsiglia.esteri.it\/fr\/gli_eventi\/calendario\/festival-du-cinema-italien-dandernos-les-bains\/\" title=\"Lire l'article: FESTIVAL DU CIN\u00c9MA ITALIEN D&rsquo;ANDERNOS-LES-BAINS\">\n                                                                                            <img loading=\"lazy\" decoding=\"async\" width=\"213\" height=\"300\" src=\"https:\/\/iicmarsiglia.esteri.it\/wp-content\/uploads\/2026\/03\/2026-02-AFI-Tracts-Festival-Cinema-Italien-2026-A5_2_compressed-1-1_page-0001-213x300.jpg\" srcset=\"https:\/\/iicmarsiglia.esteri.it\/wp-content\/uploads\/2026\/03\/2026-02-AFI-Tracts-Festival-Cinema-Italien-2026-A5_2_compressed-1-1_page-0001.jpg 898w, https:\/\/iicmarsiglia.esteri.it\/wp-content\/uploads\/2026\/03\/2026-02-AFI-Tracts-Festival-Cinema-Italien-2026-A5_2_compressed-1-1_page-0001-213x300.jpg 213w, https:\/\/iicmarsiglia.esteri.it\/wp-content\/uploads\/2026\/03\/2026-02-AFI-Tracts-Festival-Cinema-Italien-2026-A5_2_compressed-1-1_page-0001-727x1024.jpg 727w, https:\/\/iicmarsiglia.esteri.it\/wp-content\/uploads\/2026\/03\/2026-02-AFI-Tracts-Festival-Cinema-Italien-2026-A5_2_compressed-1-1_page-0001-768x1081.jpg 768w\" sizes=\"auto, (max-width: 898px) 100vw, 898px\"  title=\"2026-02 &#8211; AFI &#8211; Tracts Festival Cin\u00e9ma Italien 2026 &#8211; A5_2_compressed-1-1_page-0001\" alt=\"\" class=\"img-fluid\">\n                                                                                    <\/a>\n                                    <\/figure>\n                                <\/div>\n                            <\/div>\n                            <div class=\"col-sm-9\">\n                                                            <div class=\"category-top\">\n                                    <span class=\"fw-bold text-danger\">Ev\u00e9nement termin\u00e9<\/span>                                                                        <span class=\"data\">\n                                        <svg class=\"icon icon-secondary\">\n                                            <use xlink:href=\"https:\/\/iicmarsiglia.esteri.it\/wp-content\/themes\/sedi-tema\/assets\/svg\/sprites.svg#it-calendar\"><\/use>\n                                        <\/svg> mar Mar 17 2026<svg class=\"icon icon-xs icon-secondary me-1 ms-1\"><use href=\"https:\/\/iicmarsiglia.esteri.it\/wp-content\/themes\/sedi-tema\/assets\/svg\/sprites.svg#it-arrow-right\"><\/use><\/svg>dim Mar 22 2026                                    <\/span>\n                                                                    <\/div>\n                            <h5 class=\"card-title big-heading text-uppercase\"><a class=\"text-body text-decoration-none\" href=\"https:\/\/iicmarsiglia.esteri.it\/fr\/gli_eventi\/calendario\/festival-du-cinema-italien-dandernos-les-bains\/\" title=\"FESTIVAL DU CIN\u00c9MA ITALIEN D&rsquo;ANDERNOS-LES-BAINS\">FESTIVAL DU CIN\u00c9MA ITALIEN D&rsquo;ANDERNOS-LES-BAINS<\/a><\/h5>\n                            <p class=\"card-text\">Festival du Cin\u00e9ma Italien d&rsquo;Andernos les Bains. Du 17 au 22 mars 2026 CINEMA LA DOLCE VITA \u2013 ANDERENOS LES BAINS Pour la 11e ann\u00e9e cons\u00e9cutive, l&rsquo;Association France Italie Aquitaine pr\u00e9sentera son Festival du Cin\u00e9ma Italien \u00e0 Andernos les Bains, il aura lieu du 17 au 22 mars 2026. Pendant toutes ces ann\u00e9es, cette Association [&hellip;]<\/p>\n                                <a title=\"FESTIVAL DU CIN\u00c9MA ITALIEN D&rsquo;ANDERNOS-LES-BAINS\" class=\"read-more\" href=\"https:\/\/iicmarsiglia.esteri.it\/fr\/gli_eventi\/calendario\/festival-du-cinema-italien-dandernos-les-bains\/\">\n                                    <span class=\"text\">Lire la suite<\/span>\n                                    <svg class=\"icon\">\n                                    <use xlink:href=\"https:\/\/iicmarsiglia.esteri.it\/wp-content\/themes\/sedi-tema\/assets\/svg\/sprites.svg#it-arrow-right\"><\/use>\n                                    <\/svg>\n                                <\/a>\n                                                        <\/div>\n                                                    <\/div>\n                    <\/div>\n                <\/div>\n                <!--end card-->\n                <\/div><!-- col-12 .mt-3-->\n                            <div class=\"col-12 mt-3\">\n                <!--start card-->\n                <div class=\"card-wrapper card-space\">\n                    <div class=\"card card-bg card-big border-bottom-card\">\n                        <div class=\"card-body row\">\n                                                    <div class=\"col-sm-3\">\n                                <div class=\"img-responsive\">\n                                    <figure class=\"img-wrapper\">\n                                        <a href=\"https:\/\/iicmarsiglia.esteri.it\/fr\/gli_eventi\/calendario\/viiie-centenaire-de-saint-francesco-dassisi-conference\/\" title=\"Lire l'article: VIIIe CENTENAIRE de SAINT FRAN\u00c7OIS D\u2019ASSISE : CONF\u00c9RENCE\">\n                                                                                            <img loading=\"lazy\" decoding=\"async\" width=\"300\" height=\"300\" src=\"https:\/\/iicmarsiglia.esteri.it\/wp-content\/uploads\/2026\/01\/13.Giotto-La-predica-agli-uccelli.-Assisi-Basilica-superiore-di-San-Francesco-1-scaled-e1665007705941-300x300.jpg\" srcset=\"https:\/\/iicmarsiglia.esteri.it\/wp-content\/uploads\/2026\/01\/13.Giotto-La-predica-agli-uccelli.-Assisi-Basilica-superiore-di-San-Francesco-1-scaled-e1665007705941.jpg 1190w, https:\/\/iicmarsiglia.esteri.it\/wp-content\/uploads\/2026\/01\/13.Giotto-La-predica-agli-uccelli.-Assisi-Basilica-superiore-di-San-Francesco-1-scaled-e1665007705941-300x300.jpg 300w, https:\/\/iicmarsiglia.esteri.it\/wp-content\/uploads\/2026\/01\/13.Giotto-La-predica-agli-uccelli.-Assisi-Basilica-superiore-di-San-Francesco-1-scaled-e1665007705941-1024x1024.jpg 1024w, https:\/\/iicmarsiglia.esteri.it\/wp-content\/uploads\/2026\/01\/13.Giotto-La-predica-agli-uccelli.-Assisi-Basilica-superiore-di-San-Francesco-1-scaled-e1665007705941-150x150.jpg 150w, https:\/\/iicmarsiglia.esteri.it\/wp-content\/uploads\/2026\/01\/13.Giotto-La-predica-agli-uccelli.-Assisi-Basilica-superiore-di-San-Francesco-1-scaled-e1665007705941-768x768.jpg 768w\" sizes=\"auto, (max-width: 1190px) 100vw, 1190px\"  title=\"13.Giotto-La-predica-agli-uccelli.-Assisi-Basilica-superiore-di-San-Francesco-1-scaled-e1665007705941\" alt=\"\" class=\"img-fluid\">\n                                                                                    <\/a>\n                                    <\/figure>\n                                <\/div>\n                            <\/div>\n                            <div class=\"col-sm-9\">\n                                                            <div class=\"category-top\">\n                                    <span class=\"fw-bold text-danger\">Ev\u00e9nement termin\u00e9<\/span>                                                                        <span class=\"data\">\n                                        <svg class=\"icon icon-secondary\">\n                                            <use xlink:href=\"https:\/\/iicmarsiglia.esteri.it\/wp-content\/themes\/sedi-tema\/assets\/svg\/sprites.svg#it-calendar\"><\/use>\n                                        <\/svg> ven Mar 13 2026<svg class=\"icon icon-xs icon-secondary me-1 ms-1\"><use href=\"https:\/\/iicmarsiglia.esteri.it\/wp-content\/themes\/sedi-tema\/assets\/svg\/sprites.svg#it-arrow-right\"><\/use><\/svg>ven Mar 13 2026                                    <\/span>\n                                                                    <\/div>\n                            <h5 class=\"card-title big-heading text-uppercase\"><a class=\"text-body text-decoration-none\" href=\"https:\/\/iicmarsiglia.esteri.it\/fr\/gli_eventi\/calendario\/viiie-centenaire-de-saint-francesco-dassisi-conference\/\" title=\"VIIIe CENTENAIRE de SAINT FRAN\u00c7OIS D\u2019ASSISE : CONF\u00c9RENCE\">VIIIe CENTENAIRE de SAINT FRAN\u00c7OIS D\u2019ASSISE : CONF\u00c9RENCE<\/a><\/h5>\n                            <p class=\"card-text\">VENDREDI 13 MARS \u00e0 18h30 &#8211; IIC MARSEILLE \u00ab\u00a0FRAN\u00c7OIS D\u2019ASSISE : ENTRE R\u00c9ALIT\u00c9 HISTORIQUE ET ST\u00c9R\u00c9OTYPE\u00a0\u00bb\u00a0 CONF\u00c9RENCE DE CHIARA MERCURI et ANDR\u00c9 VAUCHEZ\u00a0 Les intervenants retracent l\u2019\u00e9volution de la figure de Fran\u00e7ois d\u2019Assise, des premi\u00e8res repr\u00e9sentations m\u00e9di\u00e9vales \u00e0 sa red\u00e9couverte au XX\u1d49 si\u00e8cle. Andr\u00e9 Vauchez montrera comment son image s\u2019est construite, transform\u00e9e ou d\u00e9form\u00e9e selon [&hellip;]<\/p>\n                                <a title=\"VIIIe CENTENAIRE de SAINT FRAN\u00c7OIS D\u2019ASSISE : CONF\u00c9RENCE\" class=\"read-more\" href=\"https:\/\/iicmarsiglia.esteri.it\/fr\/gli_eventi\/calendario\/viiie-centenaire-de-saint-francesco-dassisi-conference\/\">\n                                    <span class=\"text\">Lire la suite<\/span>\n                                    <svg class=\"icon\">\n                                    <use xlink:href=\"https:\/\/iicmarsiglia.esteri.it\/wp-content\/themes\/sedi-tema\/assets\/svg\/sprites.svg#it-arrow-right\"><\/use>\n                                    <\/svg>\n                                <\/a>\n                                                        <\/div>\n                                                    <\/div>\n                    <\/div>\n                <\/div>\n                <!--end card-->\n                <\/div><!-- col-12 .mt-3-->\n                            <div class=\"col-12 mt-3\">\n                <!--start card-->\n                <div class=\"card-wrapper card-space\">\n                    <div class=\"card card-bg card-big border-bottom-card\">\n                        <div class=\"card-body row\">\n                                                    <div class=\"col-sm-3\">\n                                <div class=\"img-responsive\">\n                                    <figure class=\"img-wrapper\">\n                                        <a href=\"https:\/\/iicmarsiglia.esteri.it\/fr\/gli_eventi\/calendario\/viiie-centenaire-de-saint-francois-dassise-danse\/\" title=\"Lire l'article: VIIIe CENTENAIRE de SAINT FRAN\u00c7OIS D\u2019ASSISE : DANSE\">\n                                                                                            <img loading=\"lazy\" decoding=\"async\" width=\"300\" height=\"300\" src=\"https:\/\/iicmarsiglia.esteri.it\/wp-content\/uploads\/2026\/01\/13.FB_IMG_1746208253940-768x768-1-300x300.jpg\" srcset=\"https:\/\/iicmarsiglia.esteri.it\/wp-content\/uploads\/2026\/01\/13.FB_IMG_1746208253940-768x768-1.jpg 768w, https:\/\/iicmarsiglia.esteri.it\/wp-content\/uploads\/2026\/01\/13.FB_IMG_1746208253940-768x768-1-300x300.jpg 300w, https:\/\/iicmarsiglia.esteri.it\/wp-content\/uploads\/2026\/01\/13.FB_IMG_1746208253940-768x768-1-150x150.jpg 150w\" sizes=\"auto, (max-width: 768px) 100vw, 768px\"  title=\"13.FB_IMG_1746208253940-768&#215;768\" alt=\"\" class=\"img-fluid\">\n                                                                                    <\/a>\n                                    <\/figure>\n                                <\/div>\n                            <\/div>\n                            <div class=\"col-sm-9\">\n                                                            <div class=\"category-top\">\n                                    <span class=\"fw-bold text-danger\">Ev\u00e9nement termin\u00e9<\/span>                                                                        <span class=\"data\">\n                                        <svg class=\"icon icon-secondary\">\n                                            <use xlink:href=\"https:\/\/iicmarsiglia.esteri.it\/wp-content\/themes\/sedi-tema\/assets\/svg\/sprites.svg#it-calendar\"><\/use>\n                                        <\/svg> ven Mar 13 2026<svg class=\"icon icon-xs icon-secondary me-1 ms-1\"><use href=\"https:\/\/iicmarsiglia.esteri.it\/wp-content\/themes\/sedi-tema\/assets\/svg\/sprites.svg#it-arrow-right\"><\/use><\/svg>ven Mar 13 2026                                    <\/span>\n                                                                    <\/div>\n                            <h5 class=\"card-title big-heading text-uppercase\"><a class=\"text-body text-decoration-none\" href=\"https:\/\/iicmarsiglia.esteri.it\/fr\/gli_eventi\/calendario\/viiie-centenaire-de-saint-francois-dassise-danse\/\" title=\"VIIIe CENTENAIRE de SAINT FRAN\u00c7OIS D\u2019ASSISE : DANSE\">VIIIe CENTENAIRE de SAINT FRAN\u00c7OIS D\u2019ASSISE : DANSE<\/a><\/h5>\n                            <p class=\"card-text\">Vendredi 13 mars &#8211; IIC Marsiglia PREMI\u00c8RE PARTIE DE LA SOIR\u00c9E\u00a0 &#8211; PR\u00c9SENTATION de la performance\/extrait du spectacle \u00ab\u00a0L\u2019Un contre l\u2019Autre\u00a0\u00bb de la Compagnie CIE ESSEVESSE Antonino Ceresia e Fabio Dolce DEUXI\u00c8ME PARTIE DE LA SOIR\u00c9E\u00a0 &#8211; Conf\u00e9rence de Chiara Mercuri e Andr\u00e9 Vauchez \u00a0\u00ab\u00a0L\u2019Un contre l\u2019Autre\u00a0\u00bb\u00a0 s\u2019inspire des notes perdues du Cantique des Cr\u00e9atures [&hellip;]<\/p>\n                                <a title=\"VIIIe CENTENAIRE de SAINT FRAN\u00c7OIS D\u2019ASSISE : DANSE\" class=\"read-more\" href=\"https:\/\/iicmarsiglia.esteri.it\/fr\/gli_eventi\/calendario\/viiie-centenaire-de-saint-francois-dassise-danse\/\">\n                                    <span class=\"text\">Lire la suite<\/span>\n                                    <svg class=\"icon\">\n                                    <use xlink:href=\"https:\/\/iicmarsiglia.esteri.it\/wp-content\/themes\/sedi-tema\/assets\/svg\/sprites.svg#it-arrow-right\"><\/use>\n                                    <\/svg>\n                                <\/a>\n                                                        <\/div>\n                                                    <\/div>\n                    <\/div>\n                <\/div>\n                <!--end card-->\n                <\/div><!-- col-12 .mt-3-->\n                            <div class=\"col-12 mt-3\">\n                <!--start card-->\n                <div class=\"card-wrapper card-space\">\n                    <div class=\"card card-bg card-big border-bottom-card\">\n                        <div class=\"card-body row\">\n                                                    <div class=\"col-sm-3\">\n                                <div class=\"img-responsive\">\n                                    <figure class=\"img-wrapper\">\n                                        <a href=\"https:\/\/iicmarsiglia.esteri.it\/fr\/gli_eventi\/calendario\/decameron-opera-de-matteo-franceschini\/\" title=\"Lire l'article: D\u00c9CAM\u00c9RON op\u00e9ra de Matteo Franceschini\">\n                                                                                            <img loading=\"lazy\" decoding=\"async\" width=\"204\" height=\"300\" src=\"https:\/\/iicmarsiglia.esteri.it\/wp-content\/uploads\/2026\/01\/2.OGA_25-26-DECAMERON-204x300.png\" srcset=\"https:\/\/iicmarsiglia.esteri.it\/wp-content\/uploads\/2026\/01\/2.OGA_25-26-DECAMERON.png 500w, https:\/\/iicmarsiglia.esteri.it\/wp-content\/uploads\/2026\/01\/2.OGA_25-26-DECAMERON-204x300.png 204w\" sizes=\"auto, (max-width: 500px) 100vw, 500px\"  title=\"2.OGA_25-26 DECAMERON\" alt=\"\" class=\"img-fluid\">\n                                                                                    <\/a>\n                                    <\/figure>\n                                <\/div>\n                            <\/div>\n                            <div class=\"col-sm-9\">\n                                                            <div class=\"category-top\">\n                                    <span class=\"fw-bold text-danger\">Ev\u00e9nement termin\u00e9<\/span>                                                                        <span class=\"data\">\n                                        <svg class=\"icon icon-secondary\">\n                                            <use xlink:href=\"https:\/\/iicmarsiglia.esteri.it\/wp-content\/themes\/sedi-tema\/assets\/svg\/sprites.svg#it-calendar\"><\/use>\n                                        <\/svg> sam Mar 07 2026<svg class=\"icon icon-xs icon-secondary me-1 ms-1\"><use href=\"https:\/\/iicmarsiglia.esteri.it\/wp-content\/themes\/sedi-tema\/assets\/svg\/sprites.svg#it-arrow-right\"><\/use><\/svg>dim Mar 08 2026                                    <\/span>\n                                                                    <\/div>\n                            <h5 class=\"card-title big-heading text-uppercase\"><a class=\"text-body text-decoration-none\" href=\"https:\/\/iicmarsiglia.esteri.it\/fr\/gli_eventi\/calendario\/decameron-opera-de-matteo-franceschini\/\" title=\"D\u00c9CAM\u00c9RON op\u00e9ra de Matteo Franceschini\">D\u00c9CAM\u00c9RON op\u00e9ra de Matteo Franceschini<\/a><\/h5>\n                            <p class=\"card-text\">OP\u00c9RA GRAND AVIGNON SAMEDI 7 MARS \u00e0 20h DIMANCHE 8 MARS \u00e0 15h D\u00c9CAM\u00c9RON op\u00e9ra de Matteo Franceschini &#8211; Cr\u00e9ation mondiale Livret Stefano Simone Pintor\u00a0d\u2019apr\u00e8s\u00a0Il Decamerone\u00a0de Giovanni Boccaccio Production Op\u00e9ra Grand Avignon, avec le soutien du GMEM &#8211; Centre National de Cr\u00e9ation Musicale de Marseille et l\u2019IIC de Marseille Direction musicale et \u00e9tudes musicales Bianca [&hellip;]<\/p>\n                                <a title=\"D\u00c9CAM\u00c9RON op\u00e9ra de Matteo Franceschini\" class=\"read-more\" href=\"https:\/\/iicmarsiglia.esteri.it\/fr\/gli_eventi\/calendario\/decameron-opera-de-matteo-franceschini\/\">\n                                    <span class=\"text\">Lire la suite<\/span>\n                                    <svg class=\"icon\">\n                                    <use xlink:href=\"https:\/\/iicmarsiglia.esteri.it\/wp-content\/themes\/sedi-tema\/assets\/svg\/sprites.svg#it-arrow-right\"><\/use>\n                                    <\/svg>\n                                <\/a>\n                                                        <\/div>\n                                                    <\/div>\n                    <\/div>\n                <\/div>\n                <!--end card-->\n                <\/div><!-- col-12 .mt-3-->\n            \n            <div class=\"col-md-12 mt-4 pb-4\">\n                <nav class=\"navigation col-md-12\" aria-label=\"Navigation\">\n                    <h2 class=\"screen-reader-text visually-hidden\">Pagination<\/h2>\n                    <div class=\"nav-links\">\n                    <span aria-current=\"page\" class=\"page-numbers current\">1<\/span>\n<a class=\"page-numbers\" href=\"https:\/\/iicmarsiglia.esteri.it\/fr\/wp-json\/wp\/v2\/pages\/7814\/?pag=2\">2<\/a>\n<a class=\"page-numbers\" href=\"https:\/\/iicmarsiglia.esteri.it\/fr\/wp-json\/wp\/v2\/pages\/7814\/?pag=3\">3<\/a>\n<span class=\"page-numbers dots\">\u2026<\/span>\n<a class=\"page-numbers\" href=\"https:\/\/iicmarsiglia.esteri.it\/fr\/wp-json\/wp\/v2\/pages\/7814\/?pag=37\">37<\/a>\n<a class=\"next page-numbers\" href=\"https:\/\/iicmarsiglia.esteri.it\/fr\/wp-json\/wp\/v2\/pages\/7814\/?pag=2\"><svg class=\"icon icon-primary\"><use xlink:href=\"https:\/\/iicmarsiglia.esteri.it\/wp-content\/themes\/sedi-tema\/assets\/svg\/sprites.svg#it-chevron-right\"><\/use><\/svg>\n                                    <span class=\"visually-hidden\">Page suivante<\/span><\/a>                    <\/div>\n                <\/nav>\n            <\/div>   <!--.col-md-12 -->\n              <\/div><!--.row -->\n              \n<p>&nbsp;<\/p>\n","protected":false},"excerpt":{"rendered":"&nbsp;","protected":false},"author":1,"featured_media":0,"parent":76,"menu_order":0,"comment_status":"closed","ping_status":"closed","template":"","meta":{"footnotes":""},"class_list":["post-7814","page","type-page","status-publish","hentry"],"_links":{"self":[{"href":"https:\/\/iicmarsiglia.esteri.it\/fr\/wp-json\/wp\/v2\/pages\/7814","targetHints":{"allow":["GET"]}}],"collection":[{"href":"https:\/\/iicmarsiglia.esteri.it\/fr\/wp-json\/wp\/v2\/pages"}],"about":[{"href":"https:\/\/iicmarsiglia.esteri.it\/fr\/wp-json\/wp\/v2\/types\/page"}],"author":[{"embeddable":true,"href":"https:\/\/iicmarsiglia.esteri.it\/fr\/wp-json\/wp\/v2\/users\/1"}],"replies":[{"embeddable":true,"href":"https:\/\/iicmarsiglia.esteri.it\/fr\/wp-json\/wp\/v2\/comments?post=7814"}],"version-history":[{"count":1,"href":"https:\/\/iicmarsiglia.esteri.it\/fr\/wp-json\/wp\/v2\/pages\/7814\/revisions"}],"predecessor-version":[{"id":8773,"href":"https:\/\/iicmarsiglia.esteri.it\/fr\/wp-json\/wp\/v2\/pages\/7814\/revisions\/8773"}],"up":[{"embeddable":true,"href":"https:\/\/iicmarsiglia.esteri.it\/fr\/wp-json\/wp\/v2\/pages\/76"}],"wp:attachment":[{"href":"https:\/\/iicmarsiglia.esteri.it\/fr\/wp-json\/wp\/v2\/media?parent=7814"}],"curies":[{"name":"wp","href":"https:\/\/api.w.org\/{rel}","templated":true}]}}